{"version":"1.0","provider_name":"Blog de Basor Electric","provider_url":"https:\/\/www.basor.com\/blog","author_name":"basor","author_url":"https:\/\/www.basor.com\/blog\/author\/basor\/","title":"Basor Electric x Inditex - Blog de Basor Electric","type":"rich","width":600,"height":338,"html":"<blockquote class=\"wp-embedded-content\" data-secret=\"cn6BUzhQPL\"><a href=\"https:\/\/www.basor.com\/blog\/fr\/basor-electric-x-inditex-2\/\">Basor Electric x Inditex<\/a><\/blockquote><iframe sandbox=\"allow-scripts\" security=\"restricted\" src=\"https:\/\/www.basor.com\/blog\/fr\/basor-electric-x-inditex-2\/embed\/#?secret=cn6BUzhQPL\" width=\"600\" height=\"338\" title=\"\u00abBasor Electric x Inditex\u00bb \u2014 Blog de Basor Electric\" data-secret=\"cn6BUzhQPL\" frameborder=\"0\" marginwidth=\"0\" marginheight=\"0\" scrolling=\"no\" class=\"wp-embedded-content\"><\/iframe><script type=\"text\/javascript\">\n\/*! This file is auto-generated *\/\n!function(c,l){\"use strict\";var e=!1,o=!1;if(l.querySelector)if(c.addEventListener)e=!0;if(c.wp=c.wp||{},c.wp.receiveEmbedMessage);else if(c.wp.receiveEmbedMessage=function(e){var t=e.data;if(!t);else if(!(t.secret||t.message||t.value));else if(\/[^a-zA-Z0-9]\/.test(t.secret));else{for(var r,s,a,i=l.querySelectorAll('iframe[data-secret=\"'+t.secret+'\"]'),n=l.querySelectorAll('blockquote[data-secret=\"'+t.secret+'\"]'),o=0;o<n.length;o++)n[o].style.display=\"none\";for(o=0;o<i.length;o++)if(r=i[o],e.source!==r.contentWindow);else{if(r.removeAttribute(\"style\"),\"height\"===t.message){if(1e3<(s=parseInt(t.value,10)))s=1e3;else if(~~s<200)s=200;r.height=s}if(\"link\"===t.message)if(s=l.createElement(\"a\"),a=l.createElement(\"a\"),s.href=r.getAttribute(\"src\"),a.href=t.value,a.host===s.host)if(l.activeElement===r)c.top.location.href=t.value}}},e)c.addEventListener(\"message\",c.wp.receiveEmbedMessage,!1),l.addEventListener(\"DOMContentLoaded\",t,!1),c.addEventListener(\"load\",t,!1);function t(){if(o);else{o=!0;for(var e,t,r,s=-1!==navigator.appVersion.indexOf(\"MSIE 10\"),a=!!navigator.userAgent.match(\/Trident.*rv:11\\.\/),i=l.querySelectorAll(\"iframe.wp-embedded-content\"),n=0;n<i.length;n++){if(!(r=(t=i[n]).getAttribute(\"data-secret\")))r=Math.random().toString(36).substr(2,10),t.src+=\"#?secret=\"+r,t.setAttribute(\"data-secret\",r);if(s||a)(e=t.cloneNode(!0)).removeAttribute(\"security\"),t.parentNode.replaceChild(e,t);t.contentWindow.postMessage({message:\"ready\",secret:r},\"*\")}}}}(window,document);\n<\/script>\n","thumbnail_url":"https:\/\/www.basor.com\/blog\/wp-content\/uploads\/2022\/06\/zara-2.png","thumbnail_width":940,"thumbnail_height":510,"description":"\ud83d\udce3 Le 8 avril dernier le groupe&nbsp;Inditex&nbsp;a inaugur\u00e9 au sein de l\u2019immeuble \u00ab&nbsp;Edificio Espa\u00f1a&nbsp;\u00bb situ\u00e9 sur la fameuse Place d\u2019Espagne \u00e0 Madrid, le plus grand&nbsp;ZARA SA&nbsp;du monde. Un \u00ab&nbsp;m\u00e9ga-magasin&nbsp;\u00bb de \ud835\udff5.\ud835\udfec\ud835\udfec\ud835\udfec m2 d\u00e9di\u00e9 \u00e0 la mode, aux accessoires et \u00e0 la d\u00e9co d\u2019int\u00e9rieur o\u00f9 la marque phare d\u2019Amancio Ortega partage les lieux avec deux autres signatures embl\u00e9matiques que sont&nbsp;ZARA HOME&nbsp;et&nbsp;Stradivarius. \ud83d\udc49 Ces nouvelles installations du groupe s\u2019\u00e9talent sur quatre \u00e9tages et\u00a0Basor Electric SA\u00a0a \u00e9t\u00e9 charg\u00e9e de l\u2019ensemble du Cable Management du projet en fournissant plus de \ud835\udfef km de chemin de c\u00e2ble de sa gamme Basor Tray. #Basor#Tertiaire#Inditex#Zara#Stradivarius#ZaraHome#CheminDeC\u00e2ble"}